{"id":20,"date":"2023-10-27T15:28:47","date_gmt":"2023-10-27T15:28:47","guid":{"rendered":"https:\/\/agridata.ase.ro\/?page_id=20"},"modified":"2024-02-27T18:48:12","modified_gmt":"2024-02-27T18:48:12","slug":"evenimente","status":"publish","type":"page","link":"https:\/\/agridata.ase.ro\/?page_id=20","title":{"rendered":"Evenimente"},"content":{"rendered":"\n<figure class=\"wp-block-table\"><table><tbody><tr><td><strong>Workshop privind antreprenoriatul inovativ \u0219i transferul de tehnologie \u2014 provoc\u0103ri \u0219i solu\u021bii<\/strong><br>Centrul de Cercetare, Inovare, Servicii de Extensie \u0219i Transfer Tehnologic AGRIDATA al Facult\u0103\u021bii de Economie Agroalimentar\u0103 \u0219i a Mediului are pl\u0103cerea s\u0103 v\u0103 invite la un workshop privind antreprenoriatul inovativ \u0219i transferul de tehnologie \u2014 provoc\u0103ri \u0219i solu\u021bii pe <strong>26 februarie 2024<\/strong>, ora <strong>13:30<\/strong>, str. Mihail Moxa 5-7 (cl\u0103direa Moxa), sala <strong>3403<\/strong>.<br>\u00cen cadrul workshopului, <strong>Oana Craioveanu<\/strong> va prezenta nevoia de programe educa\u021bionale bazate pe cercetare \u0219i abordarea participativ\u0103, care sunt serviciile pe care le-ar putea oferi un centru de cercetare, inovare, transfer tehnologic \u0219i servicii de extensie \u0219i monetizarea acestor servicii. Vor fi abordate aspecte legate de eventualele parteneriate \u0219i colabor\u0103ri ale centrului \u0219i identificarea actorilor cheie care pot cre\u0219te relevan\u021ba \u0219i outreachul programelor derulate.<br>Din partea Facult\u0103\u021bii de Economie agroalimentar\u0103 \u0219i a mediului, doamna Decan prof.univ.dr. <strong>Mirela Stoian<\/strong> va prezenta locul unui astfel de centru \u00een peisajul cercet\u0103rii \u0219tiin\u021bifice \u0219i posibilitatea dezvolt\u0103rii \u00een cadrul facult\u0103\u021bii. Ca specialist \u00een antreprenoriat \u00een sistemele agroalimentare \u0219i de mediu, prof.univ.dr. <strong>Carmen R\u0103dulescu<\/strong> va completa informa\u021biile legate de rela\u021biile dintre cercetare, antreprenoriat \u0219i transfer tehnologic.<br><strong>Speakers:<\/strong><br><img decoding=\"async\" width=\"140.0000112360174\" height=\"auto\" src=\"https:\/\/ci3.googleusercontent.com\/meips\/ADKq_NYlX99-aDLkC8trm_SuPwhqJtGcIH6CDeeuSSmU3vQ4dI6A_K8-7HXzv_L-jxEv7pIMRSegYRYDqA7xkXeqEWxHdQ4aVs8MiC2CZpCPQXWrSeHSPjFaS6kYkxBL7--IizFPnAjZkWGVtozyyHo2EUekhFDeZUPCAvQ=s0-d-e1-ft#https:\/\/mcusercontent.com\/ad969129b2f07cb2a04dcceeb\/images\/71706e30-aba0-1e76-aa61-ef1050ebf882.png\" alt=\"\"> <strong>Prof. univ. dr. Mirela STOIAN<\/strong><br>Decan<br>Facultatea de Economie Agroalimentar\u0103 \u0219i a Mediului<br><img decoding=\"async\" width=\"137.00001109730115\" height=\"auto\" src=\"https:\/\/ci3.googleusercontent.com\/meips\/ADKq_NbOHy6YH8YxfKSP3W14COBym6x47B8zuE1trGKCTd4a1FLJ3QTlNMDh9XyitflgSu8Zq1McKbbm-8GFfpItvHKZNKmNClF-Vqc8CPclNUuEQ-RrDPV2al7Sjc1YBoyNSzgorIJ2GUtgs53TfUQDHaMp4wyO79oB_30=s0-d-e1-ft#https:\/\/mcusercontent.com\/ad969129b2f07cb2a04dcceeb\/images\/f26dd39b-9d40-2850-f577-09a6ef5c7b7d.png\" alt=\"\"> <strong>Prof. univ. dr. Carmen Valentina R\u0102DULESCU<\/strong><br>Prodecan, Specialist \u00een zona de antreprenoriat<br>Facultatea de Economie Agroalimentar\u0103 \u0219i a Mediului<br><img decoding=\"async\" width=\"120.99999999999999\" height=\"auto\" src=\"https:\/\/ci3.googleusercontent.com\/meips\/ADKq_NYO41IXJkmjDleiTplXg7E392GfG789K9RofKfTxWsBucZZftvZ5gqnH0Blls37nx6uAtB2AGdCpYYGyQ9rg-u2iOKwc-iv7oflTJa7ZN3NjyGG5YFAyUjqW7C5aLr_fHjxF1o4cWlA-iIqfaOQLDMvH6efjFJT_3Q=s0-d-e1-ft#https:\/\/mcusercontent.com\/ad969129b2f07cb2a04dcceeb\/images\/abfd3faa-7442-2c83-31e0-3d5594ef2be4.png\" alt=\"\">  <strong>Oana CRAIOVEANU<\/strong><br>Co-Fondator Impact Hub<br>Mentor \u0219i coach \u00een Startarium<br><img decoding=\"async\" width=\"160\" height=\"auto\" src=\"https:\/\/ci3.googleusercontent.com\/meips\/ADKq_NbAJOnnc2fUhM5C1nxgK0lJ0OaO_PEEJsF9j0qQkBrHf5MI_jn5o3w6bfoiTHPTSZp5iZiIXYKgUsDf0umYB0ozKUxoaU4w5Ut0Klw5smLKGUD6ZNPvKUDVgu5aMK5F9OHPWz0WQDhSveeoAfTYCko7bco4wIyRaJ0=s0-d-e1-ft#https:\/\/mcusercontent.com\/ad969129b2f07cb2a04dcceeb\/images\/af31e857-f203-e7d1-b48e-74e526189625.png\" alt=\"\"><strong>Conf. univ. dr. Mihai DINU<\/strong><br>Director al Centrului Cercetare, Inovare, Servicii de Extensie \u0219i Transfer Tehnologic AGRIDATA<br><img decoding=\"async\" width=\"122\" height=\"auto\" src=\"https:\/\/ci3.googleusercontent.com\/meips\/ADKq_NbDoexzVddHCG9Em2nFp4D6giHaP84iBM5j4sX3n3RaBWGdy0Ll8LX1dN1_EA_mvGEzkc9IbUXCDD-4u7rJqynJTLKt3fLbBq--7umwVbsh7NX56jwAdi3wVVahp3nAkT0iHhigDDSmkZiuS2glVJSgTzUp75mPZo8=s0-d-e1-ft#https:\/\/mcusercontent.com\/ad969129b2f07cb2a04dcceeb\/images\/db318db7-b286-a762-a904-578b9d1bef4c.png\" alt=\"\"> <strong>Conf. univ. dr. Simona Roxana P\u0102T\u0102RL\u0102GEANU<\/strong><br>Prodecan, Moderator<br>Facultatea de Economie Agroalimentar\u0103 \u0219i a Mediului<\/td><\/tr><\/tbody><\/table><\/figure>\n\n\n\n<figure class=\"wp-block-table\"><table><tbody><tr><td><strong>Workshop privind serviciile de extensie \u00een agricultur\u0103\u2014Bune practici din SUA<\/strong><br>Centrul de Cercetare, Inovare, Servicii de Extensie \u0219i Transfer Tehnologic AGRIDATA al Facult\u0103\u021bii de Economie Agroalimentar\u0103 \u0219i a Mediului are pl\u0103cerea s\u0103 v\u0103 invite la un workshop privind<strong> serviciile de extensie \u00een agricultur\u0103<\/strong>\u2014<strong>Bune practici din SUA<\/strong> pe <strong>15 ianuarie 2024, ora 13:30<\/strong>, str. Mihail Moxa 5-7 (cl\u0103direa Moxa), sala 3403.<br>Scopul acestui eveniment este acela de diseminare a informa\u021biei \u00een urma experien\u021belor acumulate de c\u0103tre asist. univ. dr.<strong> Alina Zaharia<\/strong>, <strong>bursiera RAF Fullbright <\/strong>la UGA, <strong>Unitersitatea din Georgia<\/strong>. Aceasta a petrecut un semestru la Facultatea de Agricultur\u0103 \u0219i de Mediu, Departamentul de Economie Aplicat\u0103 \u0219i \u0218tiin\u021bele Consumatorului.<\/td><\/tr><tr><td><strong>Speakers:<\/strong><\/td><\/tr><tr><td><img decoding=\"async\" width=\"112.99999999999999\" height=\"auto\" src=\"https:\/\/ci3.googleusercontent.com\/meips\/ADKq_NbJ8nzNegmOEMhlE_SlgvI-0KHlg7ZZ44iGaYfnt0a3QYWisXLTlpKR0nnHlftEtcFN0-tEhr1guzgk1P4tVvOT5vDbVr72EzSRYBsrbTuYaDwzj-FTno-FFdlDNQEKMaE4WePj1GFSi5osG2LOc59O_m3Ha2QFkD8=s0-d-e1-ft#https:\/\/mcusercontent.com\/ad969129b2f07cb2a04dcceeb\/images\/06d50618-0a96-dc0e-78b2-c19604af63f1.png\" alt=\"\"><strong>Prof. univ. dr. Alina Mihaela Dima<\/strong><br>Prorector cercetare \u0219tiin\u021bific\u0103, dezvoltare \u0219i inovare la Academia de Studii Economice din Bucure\u0219ti&nbsp;<\/td><\/tr><tr><td><img decoding=\"async\" width=\"162\" height=\"auto\" src=\"https:\/\/ci3.googleusercontent.com\/meips\/ADKq_NbeExjEqi6dpC_mcnJ5Y7z5XSB_yP0mqxUpCjguHJ5mTHEvJK0G6K3NpkprsRRkXHqlSyp_DYaqmpjUGpOjt-H_GTch-DtAbJKppgVdoCJcM2cthOp8nDRydW6snu7x0aLJH8HlmnZOsNvTXXaH20CkPF-eIQQbgd4=s0-d-e1-ft#https:\/\/mcusercontent.com\/ad969129b2f07cb2a04dcceeb\/images\/70e08c51-b31c-0f16-e3f7-85747564d0ee.png\" alt=\"\"><strong>Conf. univ. dr. Simona Roxana P\u0102T\u0102RL\u0102GEANU<\/strong><br>Prodecan cercetare \u0219tiin\u021bific\u0103 \u0219i rela\u021bii interna\u021bionale la Facultatea de Economie Agroalimentar\u0103 \u0219i a Mediului<\/td><\/tr><tr><td><img decoding=\"async\" width=\"111.00001109730114\" height=\"auto\" src=\"https:\/\/ci3.googleusercontent.com\/meips\/ADKq_Nb-TqLwhRe4hcSj2hGnTvC70ML7aVBmmpRZTNGwddYyXHfOcuAQtOVxLiTJyauEsLC-vBbPhb9Y6mJ8Kndij1FPQ_01Y1cvWzchN1LjWr6ICvjYo8b66mh0SBU3TrJY9S_VUDhvaManBf2l6cuybu_8iXhpBqxalaM=s0-d-e1-ft#https:\/\/mcusercontent.com\/ad969129b2f07cb2a04dcceeb\/images\/2dbdc431-180a-cc7e-6367-b2a719855d55.png\" alt=\"\"><strong>Roxana VITAN<\/strong><br>Pre\u0219edinte, Funda\u021bia Rom\u00e2no-American\u0103<\/td><\/tr><tr><td><img decoding=\"async\" width=\"115\" height=\"auto\" src=\"https:\/\/ci3.googleusercontent.com\/meips\/ADKq_NbTjfrLvZzvxF6Sa8xMOPG3fD9sD3YcjoT0HmtjCVkXoB0AJQiXRQ-BUio2XxM6J_xEf1EJpEJPeeogsd-ftqrVUYzarwamk0zlMth4mUqjO3M9nyPvt_MqAYUajHWuh24ogGMaoY99Da__hT2xoHWfjsantY8fxUI=s0-d-e1-ft#https:\/\/mcusercontent.com\/ad969129b2f07cb2a04dcceeb\/images\/cc7cd2ce-b38d-dc80-1458-1778c1a24d6d.png\" alt=\"\"><strong>Oleg MORARU<\/strong><br>Director de programe &#8211; Economie Rural\u0103 \u0219i PRI,<br>Funda\u021bia Rom\u00e2no-American\u0103<\/td><\/tr><tr><td><img decoding=\"async\" width=\"160\" height=\"auto\" src=\"https:\/\/ci3.googleusercontent.com\/meips\/ADKq_NbAJOnnc2fUhM5C1nxgK0lJ0OaO_PEEJsF9j0qQkBrHf5MI_jn5o3w6bfoiTHPTSZp5iZiIXYKgUsDf0umYB0ozKUxoaU4w5Ut0Klw5smLKGUD6ZNPvKUDVgu5aMK5F9OHPWz0WQDhSveeoAfTYCko7bco4wIyRaJ0=s0-d-e1-ft#https:\/\/mcusercontent.com\/ad969129b2f07cb2a04dcceeb\/images\/af31e857-f203-e7d1-b48e-74e526189625.png\" alt=\"\"><strong>Lect. univ. dr. Mihai DINU<\/strong><br>Director al Centrului Cercetare, Inovare, Servicii de Extensie \u0219i Transfer Tehnologic AGRIDATA<\/td><\/tr><tr><td><img decoding=\"async\" width=\"107.00000825361772\" height=\"auto\" src=\"https:\/\/ci3.googleusercontent.com\/meips\/ADKq_NY_fs9V6AXazUM8aayYh3awHS9nBNGZUZJRSR7Kaxx4-Tn_0TPBFI81JGKTLj0aC3lpPcC0Tl2GJ-hvmO2YwH43v1maRVG7KjwigA8xnGvJnNokRPzQAcHMM3yiIVQZa-4_oLL3t6Oaj-z-LJqAoO950RfN7gQivYM=s0-d-e1-ft#https:\/\/mcusercontent.com\/ad969129b2f07cb2a04dcceeb\/images\/94e87cc0-4bcd-0937-2ddf-da0aaef5c95b.png\" alt=\"\"> <strong>Asist. univ. dr. Alina ZAHARIA<\/strong><br>Bursier RAF Fullbright din partea ASE, Facultatea de Economie Agroalimentar\u0103 \u0219i a Mediului<\/td><\/tr><\/tbody><\/table><\/figure>\n\n\n\n<figure class=\"wp-block-table\"><table><tbody><tr><td><strong>International Knowledge Fair Workshop@AGRIDATA<\/strong><br>Centrul de Cercetare, Inovare, Servicii de Extensie \u0219i Transfer Tehnologic AGRIDATA al Facult\u0103\u021bii de Economie Agroalimentar\u0103 \u0219i a Mediului a organizat \u00een cadrul International Knowledge Fair un workshop pe data de&nbsp;<strong>6 noiembrie 2023<\/strong>,&nbsp;<strong>ora 13:30<\/strong>.<br>Scopul acestui eveniment a fost acela de informare privind oportunit\u0103\u021bile de finan\u021bare prin Horizon Europe, \u00een cadrul subiectelor&nbsp;<strong>Clusterului 6: Alimente, bioeconomie, resurse naturale, agricultur\u0103 \u0219i mediu<\/strong>. De asemenea, workshop-ul a presupus \u00eemp\u0103rt\u0103\u0219irea de idei noi de proiecte, schimbul de experien\u021b\u0103 \u0219i consiliere oferit\u0103 de c\u0103tre invitata noastr\u0103, dna.&nbsp;<strong>Giorgiana Barbu \u2014 expert proiect la UEFISCDI<\/strong>.<\/td><\/tr><tr><td><strong>Speakers:<\/strong><\/td><\/tr><tr><td><img decoding=\"async\" width=\"160\" height=\"auto\" alt=\"\" src=\"https:\/\/ci4.googleusercontent.com\/proxy\/ZGSEmXww00Hw0weKPs6EBTtVrt3MwgMbdN5EegwVQ21WDj5wLFH3fUXA3NTsKTuoTOFCRTdSeelXoWHlqz3g59XQzhFOuOyEcbQP45mxtOYrxWDCjEpDUYaVDElsGkzLzx4_FJFV6GvUkXX3wPALKdAE6GwRUg=s0-d-e1-ft#https:\/\/mcusercontent.com\/ad969129b2f07cb2a04dcceeb\/images\/af31e857-f203-e7d1-b48e-74e526189625.png\"><strong>Lect. univ. dr. Mihai DINU<\/strong><br>Director al Centrului Cercetare, Inovare, Servicii de Extensie \u0219i Transfer Tehnologic AGRIDATA<\/td><\/tr><tr><td><img decoding=\"async\" width=\"118.99999999999999\" height=\"auto\" src=\"https:\/\/ci6.googleusercontent.com\/proxy\/vQayEzSOQnBRCzWNImqYa22imuMqTMNM_8HDoFm69V8A7AquUGEfJWvuT4zS-eyToq7zsiMi5K7UXA7W7sVUqMY0kTVxaHGdVq0pNEk6uSZo3aWqs3boXXjbt4sYRRMGxMeTBkAKcwfUq6-xljfYQs3_2Y1YPA=s0-d-e1-ft#https:\/\/mcusercontent.com\/ad969129b2f07cb2a04dcceeb\/images\/06d50618-0a96-dc0e-78b2-c19604af63f1.png\" alt=\"\"><strong> Prof. univ. dr. Alina Mihaela DIMA<\/strong><br>Prorector cercetare \u0219tiin\u021bific\u0103, dezvoltare \u0219i inovare la Academia de Studii Economice din Bucure\u0219ti&nbsp;<\/td><\/tr><tr><td><img decoding=\"async\" width=\"116\" height=\"auto\" src=\"https:\/\/ci5.googleusercontent.com\/proxy\/DHyQ-DTdgSa861iekRnL-z32F-YlK2D58RFiQSZiCbAkQxTekfU0Dk23kAbzoo0Y2bqqBPrKaxt5OuycqJntVDSSpaLrRFmjisWderUDXY1YLK2sZG0unx0L5a83zsxQoTelY1XffxZNv46MQANLyGB-q0CIsg=s0-d-e1-ft#https:\/\/mcusercontent.com\/ad969129b2f07cb2a04dcceeb\/images\/3da4534a-45f6-a362-2a75-1977cc545533.png\" alt=\"\"> <strong>Giorgiana BARBU<\/strong><br>UEFISCDI Project Expert @CARE4BIO: Network of National Contact Points for Cluster 6: Food, Bioeconomy, Natural Resources, Agriculture and Environment<\/td><\/tr><tr><td><img decoding=\"async\" width=\"162\" height=\"auto\" src=\"https:\/\/ci5.googleusercontent.com\/proxy\/wCXGnjXgMj6rOlJjuQVttA_ebQoPBQUQy-ILAsHti6jsBUxNEt_iPwq_0Ow7syXUeb4thuNya3ZWQO81L4_MMHIFDJtqH_5CcuowhFrFZQMKSOPZdqTi0yFU2ooCgGw3a7U0zN4uHdI6M315wy_P9u9XO2pLgA=s0-d-e1-ft#https:\/\/mcusercontent.com\/ad969129b2f07cb2a04dcceeb\/images\/70e08c51-b31c-0f16-e3f7-85747564d0ee.png\" alt=\"\"><strong>Conf. univ. dr. Roxana P\u0102T\u0102RL\u0102GEANU<\/strong><br>Prodecan cercetare \u0219tiin\u021bific\u0103 \u0219i rela\u021bii interna\u021bionale la Facultatea de Economie Agroalimentar\u0103 \u0219i a Mediului<\/td><\/tr><\/tbody><\/table><\/figure>\n","protected":false},"excerpt":{"rendered":"<p>Workshop privind antreprenoriatul inovativ \u0219i transferul de tehnologie \u2014 provoc\u0103ri \u0219i solu\u021biiCentrul de Cercetare, Inovare, Servicii de Extensie \u0219i Transfer Tehnologic AGRIDATA al Facult\u0103\u021bii de Economie Agroalimentar\u0103 \u0219i a Mediului are pl\u0103cerea s\u0103 v\u0103 invite la un workshop privind antreprenoriatul inovativ \u0219i transferul de tehnologie \u2014 provoc\u0103ri \u0219i solu\u021bii pe 26 februarie 2024, ora 13:30, &hellip; <\/p>\n<p class=\"link-more\"><a href=\"https:\/\/agridata.ase.ro\/?page_id=20\" class=\"more-link\">Continue reading<span class=\"screen-reader-text\"> &#8220;Evenimente&#8221;<\/span><\/a><\/p>\n","protected":false},"author":1,"featured_media":0,"parent":0,"menu_order":0,"comment_status":"closed","ping_status":"closed","template":"","meta":{"footnotes":""},"class_list":["post-20","page","type-page","status-publish","hentry"],"_links":{"self":[{"href":"https:\/\/agridata.ase.ro\/index.php?rest_route=\/wp\/v2\/pages\/20","targetHints":{"allow":["GET"]}}],"collection":[{"href":"https:\/\/agridata.ase.ro\/index.php?rest_route=\/wp\/v2\/pages"}],"about":[{"href":"https:\/\/agridata.ase.ro\/index.php?rest_route=\/wp\/v2\/types\/page"}],"author":[{"embeddable":true,"href":"https:\/\/agridata.ase.ro\/index.php?rest_route=\/wp\/v2\/users\/1"}],"replies":[{"embeddable":true,"href":"https:\/\/agridata.ase.ro\/index.php?rest_route=%2Fwp%2Fv2%2Fcomments&post=20"}],"version-history":[{"count":8,"href":"https:\/\/agridata.ase.ro\/index.php?rest_route=\/wp\/v2\/pages\/20\/revisions"}],"predecessor-version":[{"id":177,"href":"https:\/\/agridata.ase.ro\/index.php?rest_route=\/wp\/v2\/pages\/20\/revisions\/177"}],"wp:attachment":[{"href":"https:\/\/agridata.ase.ro\/index.php?rest_route=%2Fwp%2Fv2%2Fmedia&parent=20"}],"curies":[{"name":"wp","href":"https:\/\/api.w.org\/{rel}","templated":true}]}}